{"id":2,"date":"2012-12-08T09:05:47","date_gmt":"2012-12-08T09:05:47","guid":{"rendered":"https:\/\/www.tallerparentesis.com\/desahuciados\/?page_id=2"},"modified":"2018-11-16T15:42:37","modified_gmt":"2018-11-16T14:42:37","slug":"participar-en-el-libro","status":"publish","type":"page","link":"https:\/\/www.tallerparentesis.com\/desahuciados\/participar-en-el-libro\/","title":{"rendered":"Participar en el libro"},"content":{"rendered":"<p style=\"text-align: justify;\"><img loading=\"lazy\" decoding=\"async\" class=\"size-full wp-image-1316 aligncenter\" src=\"\/\/www.tallerparentesis.com\/desahuciados\/files\/2013\/05\/Desahuciados-1.jpg\" alt=\"Desahuciados\" width=\"455\" height=\"653\" srcset=\"https:\/\/www.tallerparentesis.com\/desahuciados\/files\/2013\/05\/Desahuciados-1.jpg 455w, https:\/\/www.tallerparentesis.com\/desahuciados\/files\/2013\/05\/Desahuciados-1-209x300.jpg 209w\" sizes=\"(max-width: 455px) 100vw, 455px\" \/><\/p>\n<p style=\"text-align: justify;\"><em>Desahuciados.Cr\u00f3nicas de la crisis<\/em> lleg\u00f3 a las librer\u00edas el 20 de mayo de 2013, pero dejamos aqu\u00ed la convocatoria como parte de la memoria de este proyecto:<\/p>\n<p style=\"text-align: justify;\">Desahuciado, desalojado,\u00a0<span style=\"color: #333333; font-style: normal; line-height: 24px;\">despedido,<\/span><span style=\"color: #333333; font-style: normal; line-height: 24px;\">\u00a0<\/span><span style=\"color: #333333; font-style: normal; line-height: 24px;\">expulsado,<\/span><span style=\"color: #333333; font-style: normal; line-height: 24px;\">\u00a0<\/span>destituido, desheredado&#8230;<\/p>\n<p style=\"text-align: justify;\">Estamos preparando un libro colectivo de microrrelatos cuyo hilo conductor ser\u00e1 <strong>la crisis<\/strong> (desahucios, desempleo, emigraci\u00f3n y dem\u00e1s situaciones que esta recesi\u00f3n econ\u00f3mica e ideol\u00f3gica est\u00e1 produciendo). Te invitamos a participar.<\/p>\n<p style=\"text-align: justify;\">En este blog, se hablar\u00e1 de los autores, publicaremos noticias de inter\u00e9s relacionadas con el tema del libro, as\u00ed como relatos e ilustraciones (tanto material que participe en la edici\u00f3n impresa como aquel que, por razones de espacio, no pueda entrar).<\/p>\n<p style=\"text-align: justify;\">Si quieres participar, puedes hacerlo con un texto, una ilustraci\u00f3n o con ambos, pero ten en cuenta las siguientes caracter\u00edsticas:<\/p>\n<ul style=\"text-align: justify;\">\n<li>Texto de 250 palabras m\u00e1ximo.<\/li>\n<li>Ilustraci\u00f3n de 85x135mm, 300ppp, a una tinta (por ahora s\u00f3lo deb\u00e9is comunicar vuestro inter\u00e9s en participar. M\u00e1s adelante os haremos llegar los textos a ilustrar, una vez seleccionados).<\/li>\n<li>Plazo de entrega para participar en el libro: hasta el 15 de enero de 2013 (<strong>ha terminado el plazo de entrega, tanto de relatos como de colaboraciones de ilustradores<\/strong>).<\/li>\n<li>Para participar en el blog, no hay fecha l\u00edmite de entrega.<\/li>\n<\/ul>\n<p style=\"text-align: justify;\">Esperamos tu texto o ilustraci\u00f3n, y no olvides adjuntar tu direcci\u00f3n web. Puedes enviarnos cuantos textos desees a trav\u00e9s del <a title=\"Contactar\" href=\"\/\/www.tallerparentesis.com\/desahuciados\/contacto\/\">formulario de contacto<\/a>.<\/p>\n<p style=\"text-align: justify;\">Esta es una propuesta abierta. Por favor, dif\u00fandela.<\/p>\n<p style=\"text-align: justify;\">&#8212;&#8212;&#8212;&#8212;&#8212;&#8212;-<\/p>\n<blockquote>\n<ul>\n<li style=\"text-align: justify;\">A finales de febrero, expondremos en este mismo blog la relaci\u00f3n de t\u00edtulos y autores seleccionados.<\/li>\n<li style=\"text-align: justify;\">El libro se publicar\u00e1 la pr\u00f3xima primavera.<\/li>\n<li style=\"text-align: justify;\">Cada autor seleccionado recibir\u00e1 un ejemplar como agradecimiento.<\/li>\n<li style=\"text-align: justify;\">Los beneficios de esta publicaci\u00f3n se donar\u00e1n a la Plataforma de Afectados por la Hipoteca (PAH).<\/li>\n<\/ul>\n<\/blockquote>\n","protected":false},"excerpt":{"rendered":"<p>Desahuciados.Cr\u00f3nicas de la crisis lleg\u00f3 a las librer\u00edas el 20 de mayo de 2013, pero dejamos aqu\u00ed la convocatoria como parte de la memoria de este proyecto: Desahuciado, desalojado,\u00a0despedido,\u00a0expulsado,\u00a0destituido, desheredado&#8230; Estamos preparando un libro colectivo de microrrelatos cuyo hilo conductor &hellip; <a href=\"https:\/\/www.tallerparentesis.com\/desahuciados\/participar-en-el-libro\/\">Sigue leyendo <span class=\"meta-nav\">&rarr;<\/span><\/a><\/p>\n","protected":false},"author":127,"featured_media":0,"parent":0,"menu_order":0,"comment_status":"open","ping_status":"open","template":"sidebar-page.php","meta":{"footnotes":""},"yoast_head":"<!-- This site is optimized with the Yoast SEO plugin v22.3 - https:\/\/yoast.com\/wordpress\/plugins\/seo\/ -->\n<title>Participar en el libro - Desahuciados<\/title>\n<meta name=\"robots\" content=\"index, follow, max-snippet:-1, max-image-preview:large, max-video-preview:-1\" \/>\n<link rel=\"canonical\" href=\"https:\/\/www.tallerparentesis.com\/desahuciados\/participar-en-el-libro\/\" \/>\n<meta property=\"og:locale\" content=\"es_ES\" \/>\n<meta property=\"og:type\" content=\"article\" \/>\n<meta property=\"og:title\" content=\"Participar en el libro - Desahuciados\" \/>\n<meta property=\"og:description\" content=\"Desahuciados.Cr\u00f3nicas de la crisis lleg\u00f3 a las librer\u00edas el 20 de mayo de 2013, pero dejamos aqu\u00ed la convocatoria como parte de la memoria de este proyecto: Desahuciado, desalojado,\u00a0despedido,\u00a0expulsado,\u00a0destituido, desheredado&#8230; Estamos preparando un libro colectivo de microrrelatos cuyo hilo conductor &hellip; Sigue leyendo &rarr;\" \/>\n<meta property=\"og:url\" content=\"https:\/\/www.tallerparentesis.com\/desahuciados\/participar-en-el-libro\/\" \/>\n<meta property=\"og:site_name\" content=\"Desahuciados\" \/>\n<meta property=\"article:publisher\" content=\"https:\/\/es-es.facebook.com\/tallerparentesismalaga\" \/>\n<meta property=\"article:modified_time\" content=\"2018-11-16T14:42:37+00:00\" \/>\n<meta property=\"og:image\" content=\"\/\/www.tallerparentesis.com\/desahuciados\/files\/2013\/05\/Desahuciados-1.jpg\" \/>\n<meta name=\"twitter:card\" content=\"summary_large_image\" \/>\n<meta name=\"twitter:site\" content=\"@tallerparentsis\" \/>\n<meta name=\"twitter:label1\" content=\"Tiempo de lectura\" \/>\n\t<meta name=\"twitter:data1\" content=\"2 minutos\" \/>\n<script type=\"application\/ld+json\" class=\"yoast-schema-graph\">{\"@context\":\"https:\/\/schema.org\",\"@graph\":[{\"@type\":\"WebPage\",\"@id\":\"https:\/\/www.tallerparentesis.com\/desahuciados\/participar-en-el-libro\/\",\"url\":\"https:\/\/www.tallerparentesis.com\/desahuciados\/participar-en-el-libro\/\",\"name\":\"Participar en el libro - Desahuciados\",\"isPartOf\":{\"@id\":\"https:\/\/www.tallerparentesis.com\/desahuciados\/#website\"},\"datePublished\":\"2012-12-08T09:05:47+00:00\",\"dateModified\":\"2018-11-16T14:42:37+00:00\",\"breadcrumb\":{\"@id\":\"https:\/\/www.tallerparentesis.com\/desahuciados\/participar-en-el-libro\/#breadcrumb\"},\"inLanguage\":\"es\",\"potentialAction\":[{\"@type\":\"ReadAction\",\"target\":[\"https:\/\/www.tallerparentesis.com\/desahuciados\/participar-en-el-libro\/\"]}]},{\"@type\":\"BreadcrumbList\",\"@id\":\"https:\/\/www.tallerparentesis.com\/desahuciados\/participar-en-el-libro\/#breadcrumb\",\"itemListElement\":[{\"@type\":\"ListItem\",\"position\":1,\"name\":\"Portada\",\"item\":\"https:\/\/www.tallerparentesis.com\/desahuciados\/\"},{\"@type\":\"ListItem\",\"position\":2,\"name\":\"Participar en el libro\"}]},{\"@type\":\"WebSite\",\"@id\":\"https:\/\/www.tallerparentesis.com\/desahuciados\/#website\",\"url\":\"https:\/\/www.tallerparentesis.com\/desahuciados\/\",\"name\":\"Desahuciados\",\"description\":\"Relatos de la Crisis\",\"potentialAction\":[{\"@type\":\"SearchAction\",\"target\":{\"@type\":\"EntryPoint\",\"urlTemplate\":\"https:\/\/www.tallerparentesis.com\/desahuciados\/?s={search_term_string}\"},\"query-input\":\"required name=search_term_string\"}],\"inLanguage\":\"es\"}]}<\/script>\n<!-- \/ Yoast SEO plugin. -->","yoast_head_json":{"title":"Participar en el libro - Desahuciados","robots":{"index":"index","follow":"follow","max-snippet":"max-snippet:-1","max-image-preview":"max-image-preview:large","max-video-preview":"max-video-preview:-1"},"canonical":"https:\/\/www.tallerparentesis.com\/desahuciados\/participar-en-el-libro\/","og_locale":"es_ES","og_type":"article","og_title":"Participar en el libro - Desahuciados","og_description":"Desahuciados.Cr\u00f3nicas de la crisis lleg\u00f3 a las librer\u00edas el 20 de mayo de 2013, pero dejamos aqu\u00ed la convocatoria como parte de la memoria de este proyecto: Desahuciado, desalojado,\u00a0despedido,\u00a0expulsado,\u00a0destituido, desheredado&#8230; Estamos preparando un libro colectivo de microrrelatos cuyo hilo conductor &hellip; Sigue leyendo &rarr;","og_url":"https:\/\/www.tallerparentesis.com\/desahuciados\/participar-en-el-libro\/","og_site_name":"Desahuciados","article_publisher":"https:\/\/es-es.facebook.com\/tallerparentesismalaga","article_modified_time":"2018-11-16T14:42:37+00:00","og_image":[{"url":"\/\/www.tallerparentesis.com\/desahuciados\/files\/2013\/05\/Desahuciados-1.jpg"}],"twitter_card":"summary_large_image","twitter_site":"@tallerparentsis","twitter_misc":{"Tiempo de lectura":"2 minutos"},"schema":{"@context":"https:\/\/schema.org","@graph":[{"@type":"WebPage","@id":"https:\/\/www.tallerparentesis.com\/desahuciados\/participar-en-el-libro\/","url":"https:\/\/www.tallerparentesis.com\/desahuciados\/participar-en-el-libro\/","name":"Participar en el libro - Desahuciados","isPartOf":{"@id":"https:\/\/www.tallerparentesis.com\/desahuciados\/#website"},"datePublished":"2012-12-08T09:05:47+00:00","dateModified":"2018-11-16T14:42:37+00:00","breadcrumb":{"@id":"https:\/\/www.tallerparentesis.com\/desahuciados\/participar-en-el-libro\/#breadcrumb"},"inLanguage":"es","potentialAction":[{"@type":"ReadAction","target":["https:\/\/www.tallerparentesis.com\/desahuciados\/participar-en-el-libro\/"]}]},{"@type":"BreadcrumbList","@id":"https:\/\/www.tallerparentesis.com\/desahuciados\/participar-en-el-libro\/#breadcrumb","itemListElement":[{"@type":"ListItem","position":1,"name":"Portada","item":"https:\/\/www.tallerparentesis.com\/desahuciados\/"},{"@type":"ListItem","position":2,"name":"Participar en el libro"}]},{"@type":"WebSite","@id":"https:\/\/www.tallerparentesis.com\/desahuciados\/#website","url":"https:\/\/www.tallerparentesis.com\/desahuciados\/","name":"Desahuciados","description":"Relatos de la Crisis","potentialAction":[{"@type":"SearchAction","target":{"@type":"EntryPoint","urlTemplate":"https:\/\/www.tallerparentesis.com\/desahuciados\/?s={search_term_string}"},"query-input":"required name=search_term_string"}],"inLanguage":"es"}]}},"_links":{"self":[{"href":"https:\/\/www.tallerparentesis.com\/desahuciados\/wp-json\/wp\/v2\/pages\/2"}],"collection":[{"href":"https:\/\/www.tallerparentesis.com\/desahuciados\/wp-json\/wp\/v2\/pages"}],"about":[{"href":"https:\/\/www.tallerparentesis.com\/desahuciados\/wp-json\/wp\/v2\/types\/page"}],"author":[{"embeddable":true,"href":"https:\/\/www.tallerparentesis.com\/desahuciados\/wp-json\/wp\/v2\/users\/127"}],"replies":[{"embeddable":true,"href":"https:\/\/www.tallerparentesis.com\/desahuciados\/wp-json\/wp\/v2\/comments?post=2"}],"version-history":[{"count":28,"href":"https:\/\/www.tallerparentesis.com\/desahuciados\/wp-json\/wp\/v2\/pages\/2\/revisions"}],"predecessor-version":[{"id":1337,"href":"https:\/\/www.tallerparentesis.com\/desahuciados\/wp-json\/wp\/v2\/pages\/2\/revisions\/1337"}],"wp:attachment":[{"href":"https:\/\/www.tallerparentesis.com\/desahuciados\/wp-json\/wp\/v2\/media?parent=2"}],"curies":[{"name":"wp","href":"https:\/\/api.w.org\/{rel}","templated":true}]}}